{"id":430,"date":"2026-03-11T13:05:06","date_gmt":"2026-03-11T13:05:06","guid":{"rendered":"https:\/\/emlacos.pt\/livro-as-emocoes-guia-pratico\/?page_id=430"},"modified":"2026-04-20T07:49:11","modified_gmt":"2026-04-20T07:49:11","slug":"livro-as-emocoes","status":"publish","type":"page","link":"https:\/\/emlacos.pt\/livro-as-emocoes-guia-pratico\/","title":{"rendered":"Livro As Emo\u00e7\u00f5es"},"content":{"rendered":"\t\t<div data-elementor-type=\"wp-page\" data-elementor-id=\"430\" class=\"elementor elementor-430\">\n\t\t\t\t<div class=\"elementor-element elementor-element-6f700b7 e-flex e-con-boxed wpr-equal-height-no e-con e-parent\" data-id=\"6f700b7\" data-element_type=\"container\" data-e-type=\"container\" data-settings=\"{&quot;background_background&quot;:&quot;classic&quot;}\">\n\t\t\t\t\t<div class=\"e-con-inner\">\n\t\t<div class=\"elementor-element elementor-element-5e3ea18 e-con-full e-flex wpr-equal-height-no e-con e-child\" data-id=\"5e3ea18\" data-element_type=\"container\" data-e-type=\"container\" data-settings=\"{&quot;background_background&quot;:&quot;classic&quot;}\">\n\t\t\t\t<div class=\"elementor-element elementor-element-d861cba animated-fast elementor-invisible elementor-widget elementor-widget-image\" data-id=\"d861cba\" data-element_type=\"widget\" data-e-type=\"widget\" data-settings=\"{&quot;_animation&quot;:&quot;fadeIn&quot;}\" data-widget_type=\"image.default\">\n\t\t\t\t\t\t\t\t\t\t\t\t\t\t\t<img fetchpriority=\"high\" decoding=\"async\" width=\"702\" height=\"135\" src=\"https:\/\/emlacos.pt\/livro-as-emocoes-guia-pratico\/wp-content\/uploads\/2026\/02\/logo-em-lacos-1.png\" class=\"attachment-large size-large wp-image-42\" alt=\"\" srcset=\"https:\/\/emlacos.pt\/livro-as-emocoes-guia-pratico\/wp-content\/uploads\/2026\/02\/logo-em-lacos-1.png 702w, https:\/\/emlacos.pt\/livro-as-emocoes-guia-pratico\/wp-content\/uploads\/2026\/02\/logo-em-lacos-1-300x58.png 300w\" sizes=\"(max-width: 702px) 100vw, 702px\" \/>\t\t\t\t\t\t\t\t\t\t\t\t\t\t\t<\/div>\n\t\t\t\t<div class=\"elementor-element elementor-element-0fae075 elementor-mobile-align-justify animated-fast elementor-widget__width-auto elementor-fixed e-transform elementor-widget elementor-widget-button\" data-id=\"0fae075\" data-element_type=\"widget\" data-e-type=\"widget\" id=\"fixed-btn\" data-settings=\"{&quot;_animation&quot;:&quot;none&quot;,&quot;_animation_delay&quot;:450,&quot;_position&quot;:&quot;fixed&quot;,&quot;_transform_scale_effect_hover&quot;:{&quot;unit&quot;:&quot;px&quot;,&quot;size&quot;:1.03,&quot;sizes&quot;:[]},&quot;_transform_scale_effect_hover_tablet&quot;:{&quot;unit&quot;:&quot;px&quot;,&quot;size&quot;:&quot;&quot;,&quot;sizes&quot;:[]},&quot;_transform_scale_effect_hover_mobile&quot;:{&quot;unit&quot;:&quot;px&quot;,&quot;size&quot;:&quot;&quot;,&quot;sizes&quot;:[]}}\" data-widget_type=\"button.default\">\n\t\t\t\t\t\t\t\t\t\t<a class=\"elementor-button elementor-button-link elementor-size-sm\" href=\"https:\/\/emlacos.pt\/contacto\/#pagina-contacto\">\n\t\t\t\t\t\t<span class=\"elementor-button-content-wrapper\">\n\t\t\t\t\t\t\t\t\t<span class=\"elementor-button-text\">COMPRAR LIVRO<\/span>\n\t\t\t\t\t<\/span>\n\t\t\t\t\t<\/a>\n\t\t\t\t\t\t\t\t<\/div>\n\t\t<div class=\"elementor-element elementor-element-5ffff3c e-con-full e-flex wpr-equal-height-no e-con e-child\" data-id=\"5ffff3c\" data-element_type=\"container\" data-e-type=\"container\">\n\t\t\t\t<div class=\"elementor-element elementor-element-2b219d3 animated-fast elementor-invisible elementor-widget elementor-widget-heading\" data-id=\"2b219d3\" data-element_type=\"widget\" data-e-type=\"widget\" data-settings=\"{&quot;_animation&quot;:&quot;fadeIn&quot;}\" data-widget_type=\"heading.default\">\n\t\t\t\t\t<h3 class=\"elementor-heading-title elementor-size-default\">LIVRO \u201cAS EMO\u00c7\u00d5ES: GUIA PR\u00c1TICO\u201d<\/h3>\t\t\t\t<\/div>\n\t\t\t\t<div class=\"elementor-element elementor-element-4ecc410 animated-fast elementor-invisible elementor-widget elementor-widget-heading\" data-id=\"4ecc410\" data-element_type=\"widget\" data-e-type=\"widget\" data-settings=\"{&quot;_animation&quot;:&quot;fadeIn&quot;,&quot;_animation_delay&quot;:150}\" data-widget_type=\"heading.default\">\n\t\t\t\t\t<h1 class=\"elementor-heading-title elementor-size-default\">Aprender as  <span style=\"color: #ED8D22\">emo\u00e7\u00f5es<\/span> \u00e9 <br>\n <span style=\"color: #ED8D22\">dar voz<\/span> ao \nque sentimos.<\/h1>\t\t\t\t<\/div>\n\t\t\t\t<div class=\"elementor-element elementor-element-80e46e4 elementor-widget elementor-widget-html\" data-id=\"80e46e4\" data-element_type=\"widget\" data-e-type=\"widget\" data-widget_type=\"html.default\">\n\t\t\t\t\t<style>\n   .grecaptcha-badge{\n  visibility: hidden !important;\n}\n\n<\/style>\n\n<script id=\"showBtnOnScroll\">\ndocument.addEventListener(\"DOMContentLoaded\", function () {\n    const btn = document.querySelector(\"#fixed-btn\");\n\n    window.addEventListener(\"scroll\", function () {\n        if (window.scrollY > window.innerHeight) {\n            btn.style.opacity = \"1\";\n            btn.style.pointerEvents = \"auto\";\n        } else {\n            btn.style.opacity = \"0\";\n            btn.style.pointerEvents = \"none\";\n        }\n    });\n});\n<\/script>\n\n\t\t\t\t<\/div>\n\t\t\t\t<div class=\"elementor-element elementor-element-620e719 elementor-widget__width-initial animated-fast elementor-invisible elementor-widget elementor-widget-text-editor\" data-id=\"620e719\" data-element_type=\"widget\" data-e-type=\"widget\" data-settings=\"{&quot;_animation&quot;:&quot;fadeIn&quot;,&quot;_animation_delay&quot;:300}\" data-widget_type=\"text-editor.default\">\n\t\t\t\t\t\t\t\t\t<p>Um livro pr\u00e1tico para <strong>fam\u00edlias<\/strong>, <strong>educadores<\/strong> e <strong>terapeutas<\/strong> que querem ajudar as crian\u00e7as a <strong>compreender<\/strong>, <strong>sentir<\/strong> e <strong>gerir<\/strong> as suas emo\u00e7\u00f5es.<\/p>\t\t\t\t\t\t\t\t<\/div>\n\t\t\t\t<\/div>\n\t\t\t\t<div class=\"elementor-element elementor-element-4b3c64a elementor-mobile-align-justify animated-fast elementor-hidden-desktop elementor-hidden-tablet elementor-hidden-mobile elementor-invisible elementor-widget elementor-widget-button\" data-id=\"4b3c64a\" data-element_type=\"widget\" data-e-type=\"widget\" data-settings=\"{&quot;_animation&quot;:&quot;fadeIn&quot;,&quot;_animation_delay&quot;:450}\" data-widget_type=\"button.default\">\n\t\t\t\t\t\t\t\t\t\t<a class=\"elementor-button elementor-button-link elementor-size-sm\" href=\"https:\/\/emlacos.pt\/livro-as-emocoes-guia-pratico\/checkout\/?add-to-cart=428\">\n\t\t\t\t\t\t<span class=\"elementor-button-content-wrapper\">\n\t\t\t\t\t\t\t\t\t<span class=\"elementor-button-text\">COMPRAR LIVRO<\/span>\n\t\t\t\t\t<\/span>\n\t\t\t\t\t<\/a>\n\t\t\t\t\t\t\t\t<\/div>\n\t\t\t\t<div class=\"elementor-element elementor-element-03dbfcb elementor-mobile-align-justify animated-fast elementor-invisible elementor-widget elementor-widget-button\" data-id=\"03dbfcb\" data-element_type=\"widget\" data-e-type=\"widget\" data-settings=\"{&quot;_animation&quot;:&quot;fadeIn&quot;,&quot;_animation_delay&quot;:450}\" data-widget_type=\"button.default\">\n\t\t\t\t\t\t\t\t\t\t<a class=\"elementor-button elementor-button-link elementor-size-sm\" href=\"#comprar\">\n\t\t\t\t\t\t<span class=\"elementor-button-content-wrapper\">\n\t\t\t\t\t\t\t\t\t<span class=\"elementor-button-text\">COMPRAR LIVRO<\/span>\n\t\t\t\t\t<\/span>\n\t\t\t\t\t<\/a>\n\t\t\t\t\t\t\t\t<\/div>\n\t\t\t\t<\/div>\n\t\t<div class=\"elementor-element elementor-element-c4653d2 e-con-full elementor-hidden-mobile e-flex wpr-equal-height-no e-con e-child\" data-id=\"c4653d2\" data-element_type=\"container\" data-e-type=\"container\">\n\t\t\t\t<\/div>\n\t\t\t\t\t<\/div>\n\t\t\t\t<\/div>\n\t\t<div class=\"elementor-element elementor-element-a27e2c9 e-con-full e-flex wpr-equal-height-no e-con e-parent\" data-id=\"a27e2c9\" data-element_type=\"container\" data-e-type=\"container\">\n\t\t\t\t<div class=\"elementor-element elementor-element-a8242ab elementor-widget-divider--view-line elementor-widget elementor-widget-divider\" data-id=\"a8242ab\" data-element_type=\"widget\" data-e-type=\"widget\" data-widget_type=\"divider.default\">\n\t\t\t\t\t\t\t<div class=\"elementor-divider\">\n\t\t\t<span class=\"elementor-divider-separator\">\n\t\t\t\t\t\t<\/span>\n\t\t<\/div>\n\t\t\t\t\t\t<\/div>\n\t\t\t\t<\/div>\n\t\t<div class=\"elementor-element elementor-element-d98435e e-flex e-con-boxed wpr-equal-height-no e-con e-parent\" data-id=\"d98435e\" data-element_type=\"container\" data-e-type=\"container\">\n\t\t\t\t\t<div class=\"e-con-inner\">\n\t\t<div class=\"elementor-element elementor-element-c14870c e-con-full e-flex wpr-equal-height-no e-con e-child\" data-id=\"c14870c\" data-element_type=\"container\" data-e-type=\"container\">\n\t\t\t\t<div class=\"elementor-element elementor-element-2fced31 elementor-hidden-desktop elementor-hidden-tablet elementor-widget elementor-widget-heading\" data-id=\"2fced31\" data-element_type=\"widget\" data-e-type=\"widget\" data-widget_type=\"heading.default\">\n\t\t\t\t\t<h2 class=\"elementor-heading-title elementor-size-default\">Um livro para explorar emo\u00e7\u00f5es de forma <span class=\"bg-yellow\">segura<\/span> e <span class=\"bg-yellow\">pr\u00e1tica<\/span>.<\/h2>\t\t\t\t<\/div>\n\t\t\t\t<div class=\"elementor-element elementor-element-0db7470 animated-fast elementor-invisible elementor-widget elementor-widget-text-editor\" data-id=\"0db7470\" data-element_type=\"widget\" data-e-type=\"widget\" data-settings=\"{&quot;_animation&quot;:&quot;fadeIn&quot;,&quot;_animation_delay&quot;:100}\" data-widget_type=\"text-editor.default\">\n\t\t\t\t\t\t\t\t\t<p>O guia pr\u00e1tico <strong>&#8220;As Emo\u00e7\u00f5es&#8221; <\/strong>foi criado para ajudar crian\u00e7as e adultos a <strong>explorar<\/strong>, <strong>compreender<\/strong> e <strong>aceitar<\/strong> as emo\u00e7\u00f5es atrav\u00e9s de atividades simples e experi\u00eancias partilhadas.<\/p><p>O livro <b>cont\u00e9m<\/b>:<\/p>\t\t\t\t\t\t\t\t<\/div>\n\t\t\t\t<\/div>\n\t\t<div class=\"elementor-element elementor-element-1ce3308 e-con-full elementor-hidden-mobile e-flex wpr-equal-height-no e-con e-child\" data-id=\"1ce3308\" data-element_type=\"container\" data-e-type=\"container\">\n\t\t\t\t<div class=\"elementor-element elementor-element-979fadc elementor-widget elementor-widget-heading\" data-id=\"979fadc\" data-element_type=\"widget\" data-e-type=\"widget\" data-widget_type=\"heading.default\">\n\t\t\t\t\t<h2 class=\"elementor-heading-title elementor-size-default\">Um livro para explorar emo\u00e7\u00f5es de forma <span class=\"bg-yellow\">segura<\/span> e <span class=\"bg-yellow\">pr\u00e1tica<\/span>.<\/h2>\t\t\t\t<\/div>\n\t\t\t\t<\/div>\n\t\t<div class=\"elementor-element elementor-element-4c28101 e-con-full e-flex wpr-equal-height-no e-con e-child\" data-id=\"4c28101\" data-element_type=\"container\" data-e-type=\"container\">\n\t\t<div class=\"elementor-element elementor-element-86cafff e-con-full card-programa animated-fast e-flex wpr-equal-height-no elementor-invisible e-con e-child\" data-id=\"86cafff\" data-element_type=\"container\" data-e-type=\"container\" data-settings=\"{&quot;background_background&quot;:&quot;classic&quot;,&quot;animation&quot;:&quot;fadeIn&quot;}\">\n\t\t\t\t<div class=\"elementor-element elementor-element-f3f3335 elementor-widget elementor-widget-heading\" data-id=\"f3f3335\" data-element_type=\"widget\" data-e-type=\"widget\" data-widget_type=\"heading.default\">\n\t\t\t\t\t<h2 class=\"elementor-heading-title elementor-size-default\"><b>Explica\u00e7\u00e3o<\/b> clara sobre <b>emo\u00e7\u00f5es<\/b>.<\/h2>\t\t\t\t<\/div>\n\t\t\t\t<\/div>\n\t\t<div class=\"elementor-element elementor-element-9d3331c e-con-full card-programa animated-fast e-flex wpr-equal-height-no elementor-invisible e-con e-child\" data-id=\"9d3331c\" data-element_type=\"container\" data-e-type=\"container\" data-settings=\"{&quot;background_background&quot;:&quot;classic&quot;,&quot;animation&quot;:&quot;fadeIn&quot;,&quot;animation_delay&quot;:150}\">\n\t\t\t\t<div class=\"elementor-element elementor-element-fb4f99b elementor-widget elementor-widget-heading\" data-id=\"fb4f99b\" data-element_type=\"widget\" data-e-type=\"widget\" data-widget_type=\"heading.default\">\n\t\t\t\t\t<h2 class=\"elementor-heading-title elementor-size-default\">Atividades de \n<b>explora\u00e7\u00e3o emocional<\/b>. <\/h2>\t\t\t\t<\/div>\n\t\t\t\t<\/div>\n\t\t<div class=\"elementor-element elementor-element-126ada2 e-con-full card-programa animated-fast e-flex wpr-equal-height-no elementor-invisible e-con e-child\" data-id=\"126ada2\" data-element_type=\"container\" data-e-type=\"container\" data-settings=\"{&quot;background_background&quot;:&quot;classic&quot;,&quot;animation&quot;:&quot;fadeIn&quot;,&quot;animation_delay&quot;:300}\">\n\t\t\t\t<div class=\"elementor-element elementor-element-a7a6ca3 elementor-widget elementor-widget-heading\" data-id=\"a7a6ca3\" data-element_type=\"widget\" data-e-type=\"widget\" data-widget_type=\"heading.default\">\n\t\t\t\t\t<h2 class=\"elementor-heading-title elementor-size-default\"><b>M\u00fasicas<\/b> alusivas \u00e0s <b>emo\u00e7\u00f5es<\/b>.<\/h2>\t\t\t\t<\/div>\n\t\t\t\t<\/div>\n\t\t<div class=\"elementor-element elementor-element-88ca838 e-con-full card-programa animated-fast e-flex wpr-equal-height-no elementor-invisible e-con e-child\" data-id=\"88ca838\" data-element_type=\"container\" data-e-type=\"container\" data-settings=\"{&quot;background_background&quot;:&quot;classic&quot;,&quot;animation&quot;:&quot;fadeIn&quot;,&quot;animation_delay&quot;:450}\">\n\t\t\t\t<div class=\"elementor-element elementor-element-0f21896 elementor-widget elementor-widget-heading\" data-id=\"0f21896\" data-element_type=\"widget\" data-e-type=\"widget\" data-widget_type=\"heading.default\">\n\t\t\t\t\t<h2 class=\"elementor-heading-title elementor-size-default\"><b>Din\u00e2micas<\/b> para <b>fam\u00edlias<\/b> \ne para <b>escolas<\/b>.<\/h2>\t\t\t\t<\/div>\n\t\t\t\t<\/div>\n\t\t\t\t<\/div>\n\t\t\t\t\t<\/div>\n\t\t\t\t<\/div>\n\t\t<div class=\"elementor-element elementor-element-26e31e8 e-flex e-con-boxed wpr-equal-height-no e-con e-parent\" data-id=\"26e31e8\" data-element_type=\"container\" data-e-type=\"container\">\n\t\t\t\t\t<div class=\"e-con-inner\">\n\t\t\t\t<div class=\"elementor-element elementor-element-b14b6ce elementor-widget elementor-widget-heading\" data-id=\"b14b6ce\" data-element_type=\"widget\" data-e-type=\"widget\" data-widget_type=\"heading.default\">\n\t\t\t\t\t<h2 class=\"elementor-heading-title elementor-size-default\">Tudo pensado para criar momentos de <span class=\"bg-yellow\">di\u00e1logo<\/span>, de <span class=\"bg-yellow\">partilha<\/span> e de<span class=\"bg-yellow\">crescimento<\/span> emocional.<\/h2>\t\t\t\t<\/div>\n\t\t\t\t\t<\/div>\n\t\t\t\t<\/div>\n\t\t<div class=\"elementor-element elementor-element-e5c9fec e-flex e-con-boxed wpr-equal-height-no e-con e-parent\" data-id=\"e5c9fec\" data-element_type=\"container\" data-e-type=\"container\">\n\t\t\t\t\t<div class=\"e-con-inner\">\n\t\t<div class=\"elementor-element elementor-element-d96c5db e-con-full e-flex wpr-equal-height-no e-con e-child\" data-id=\"d96c5db\" data-element_type=\"container\" data-e-type=\"container\">\n\t\t\t\t<div class=\"elementor-element elementor-element-6bd0389 elementor-widget elementor-widget-heading\" data-id=\"6bd0389\" data-element_type=\"widget\" data-e-type=\"widget\" data-widget_type=\"heading.default\">\n\t\t\t\t\t<h2 class=\"elementor-heading-title elementor-size-default\">A \n<span class=\"bg-yellow\">quem<\/span> se destina  \neste livro?<\/h2>\t\t\t\t<\/div>\n\t\t\t\t<\/div>\n\t\t<div class=\"elementor-element elementor-element-ca48d16 e-con-full e-flex wpr-equal-height-no e-con e-child\" data-id=\"ca48d16\" data-element_type=\"container\" data-e-type=\"container\">\n\t\t\t\t<div class=\"elementor-element elementor-element-7f37313 animated-fast elementor-invisible elementor-widget elementor-widget-text-editor\" data-id=\"7f37313\" data-element_type=\"widget\" data-e-type=\"widget\" data-settings=\"{&quot;_animation&quot;:&quot;fadeIn&quot;,&quot;_animation_delay&quot;:100}\" data-widget_type=\"text-editor.default\">\n\t\t\t\t\t\t\t\t\t<p>O livro <strong>&#8220;As Emo\u00e7\u00f5es &#8211; Guia Pr\u00e1tico&#8221;<\/strong> foi pensado para ajudar pais, profissionais de educa\u00e7\u00e3o e terapeutas a <strong>compreender<\/strong> melhor a tem\u00e1tica das <strong>emo\u00e7\u00f5es<\/strong>.<br \/>Nem sempre \u00e9 f\u00e1cil <strong>interpretar<\/strong> o que uma <strong>crian\u00e7a sente<\/strong>. Muitas emo\u00e7\u00f5es surgem de forma intensa, confusa ou at\u00e9 silenciosa. Este livro oferece um caminho para reconhecer esses sinais e para <strong>compreender a crian\u00e7a<\/strong> com mais <strong>empatia<\/strong> e <strong>clareza<\/strong>.<\/p>\t\t\t\t\t\t\t\t<\/div>\n\t\t\t\t<\/div>\n\t\t\t\t\t<\/div>\n\t\t\t\t<\/div>\n\t\t<div class=\"elementor-element elementor-element-575f882 e-flex e-con-boxed wpr-equal-height-no e-con e-parent\" data-id=\"575f882\" data-element_type=\"container\" data-e-type=\"container\">\n\t\t\t\t\t<div class=\"e-con-inner\">\n\t\t<div class=\"elementor-element elementor-element-f64c22f e-con-full e-flex wpr-equal-height-no e-con e-child\" data-id=\"f64c22f\" data-element_type=\"container\" data-e-type=\"container\">\n\t\t\t\t<div class=\"elementor-element elementor-element-f7b0013 elementor-widget elementor-widget-text-editor\" data-id=\"f7b0013\" data-element_type=\"widget\" data-e-type=\"widget\" data-widget_type=\"text-editor.default\">\n\t\t\t\t\t\t\t\t\t<p>O que n\u00e3o percebemos (e por isso tamb\u00e9m <strong>n\u00e3o ensinamos<\/strong>) \u00e9 que:<\/p>\t\t\t\t\t\t\t\t<\/div>\n\t\t\t\t<\/div>\n\t\t<div class=\"elementor-element elementor-element-d464444 e-con-full animated-fast e-flex wpr-equal-height-no elementor-invisible e-con e-child\" data-id=\"d464444\" data-element_type=\"container\" data-e-type=\"container\" data-settings=\"{&quot;animation&quot;:&quot;fadeIn&quot;}\">\n\t\t<div class=\"elementor-element elementor-element-ae4ccee e-con-full card-programa animated-fast e-flex wpr-equal-height-no elementor-invisible e-con e-child\" data-id=\"ae4ccee\" data-element_type=\"container\" data-e-type=\"container\" data-settings=\"{&quot;background_background&quot;:&quot;classic&quot;,&quot;animation&quot;:&quot;fadeIn&quot;}\">\n\t\t\t\t<div class=\"elementor-element elementor-element-222001b elementor-widget elementor-widget-heading\" data-id=\"222001b\" data-element_type=\"widget\" data-e-type=\"widget\" data-widget_type=\"heading.default\">\n\t\t\t\t\t<h2 class=\"elementor-heading-title elementor-size-default\">Todas as emo\u00e7\u00f5es s\u00e3o <b>\u00fateis<\/b> \u00e0 nossa <b>vida<\/b> e ao nosso <b>dia-a-dia<\/b>.<\/h2>\t\t\t\t<\/div>\n\t\t\t\t<\/div>\n\t\t<div class=\"elementor-element elementor-element-08fd0f4 e-con-full card-programa animated-fast e-flex wpr-equal-height-no elementor-invisible e-con e-child\" data-id=\"08fd0f4\" data-element_type=\"container\" data-e-type=\"container\" data-settings=\"{&quot;background_background&quot;:&quot;classic&quot;,&quot;animation&quot;:&quot;fadeIn&quot;,&quot;animation_delay&quot;:100}\">\n\t\t\t\t<div class=\"elementor-element elementor-element-42e589a elementor-widget elementor-widget-heading\" data-id=\"42e589a\" data-element_type=\"widget\" data-e-type=\"widget\" data-widget_type=\"heading.default\">\n\t\t\t\t\t<h2 class=\"elementor-heading-title elementor-size-default\">Todas as emo\u00e7\u00f5es s\u00e3o <b>igualmente \nimportantes<\/b>.<\/h2>\t\t\t\t<\/div>\n\t\t\t\t<\/div>\n\t\t<div class=\"elementor-element elementor-element-9049004 e-con-full card-programa animated-fast e-flex wpr-equal-height-no elementor-invisible e-con e-child\" data-id=\"9049004\" data-element_type=\"container\" data-e-type=\"container\" data-settings=\"{&quot;background_background&quot;:&quot;classic&quot;,&quot;animation&quot;:&quot;fadeIn&quot;,&quot;animation_delay&quot;:200}\">\n\t\t\t\t<div class=\"elementor-element elementor-element-e50b66d elementor-widget elementor-widget-heading\" data-id=\"e50b66d\" data-element_type=\"widget\" data-e-type=\"widget\" data-widget_type=\"heading.default\">\n\t\t\t\t\t<h2 class=\"elementor-heading-title elementor-size-default\"><b>Reprimir<\/b> emo\u00e7\u00f5es n\u00e3o \u00e9 o mesmo que <b>geri-las<\/b>.<\/h2>\t\t\t\t<\/div>\n\t\t\t\t<\/div>\n\t\t<div class=\"elementor-element elementor-element-163a818 e-con-full card-programa animated-fast e-flex wpr-equal-height-no elementor-invisible e-con e-child\" data-id=\"163a818\" data-element_type=\"container\" data-e-type=\"container\" data-settings=\"{&quot;background_background&quot;:&quot;classic&quot;,&quot;animation&quot;:&quot;fadeIn&quot;,&quot;animation_delay&quot;:300}\">\n\t\t\t\t<div class=\"elementor-element elementor-element-fb1e086 elementor-widget elementor-widget-heading\" data-id=\"fb1e086\" data-element_type=\"widget\" data-e-type=\"widget\" data-widget_type=\"heading.default\">\n\t\t\t\t\t<h2 class=\"elementor-heading-title elementor-size-default\">N\u00e3o podemos ter <b>umas<\/b> emo\u00e7\u00f5es <b>sem as outras<\/b>.<\/h2>\t\t\t\t<\/div>\n\t\t\t\t<\/div>\n\t\t<div class=\"elementor-element elementor-element-5da14b2 e-con-full card-programa animated-fast e-flex wpr-equal-height-no elementor-invisible e-con e-child\" data-id=\"5da14b2\" data-element_type=\"container\" data-e-type=\"container\" data-settings=\"{&quot;background_background&quot;:&quot;classic&quot;,&quot;animation&quot;:&quot;fadeIn&quot;,&quot;animation_delay&quot;:400}\">\n\t\t\t\t<div class=\"elementor-element elementor-element-dca05ed elementor-widget elementor-widget-heading\" data-id=\"dca05ed\" data-element_type=\"widget\" data-e-type=\"widget\" data-widget_type=\"heading.default\">\n\t\t\t\t\t<h2 class=\"elementor-heading-title elementor-size-default\"><b>N\u00e3o expressar<\/b> as nossas emo\u00e7\u00f5es <b>n\u00e3o diminui<\/b> a necessidade de as <b>expressar<\/b>.<\/h2>\t\t\t\t<\/div>\n\t\t\t\t<\/div>\n\t\t<div class=\"elementor-element elementor-element-5846db7 e-con-full card-programa animated-fast e-flex wpr-equal-height-no elementor-invisible e-con e-child\" data-id=\"5846db7\" data-element_type=\"container\" data-e-type=\"container\" data-settings=\"{&quot;background_background&quot;:&quot;classic&quot;,&quot;animation&quot;:&quot;fadeIn&quot;,&quot;animation_delay&quot;:500}\">\n\t\t\t\t<div class=\"elementor-element elementor-element-c29d060 elementor-widget elementor-widget-heading\" data-id=\"c29d060\" data-element_type=\"widget\" data-e-type=\"widget\" data-widget_type=\"heading.default\">\n\t\t\t\t\t<h2 class=\"elementor-heading-title elementor-size-default\">N\u00e3o podemos <b>controlar<\/b> emo\u00e7\u00f5es (podemos <b>aprender<\/b> a <b>geri-las<\/b>).<\/h2>\t\t\t\t<\/div>\n\t\t\t\t<\/div>\n\t\t\t\t<\/div>\n\t\t\t\t\t<\/div>\n\t\t\t\t<\/div>\n\t\t<div class=\"elementor-element elementor-element-ac8ae13 e-flex e-con-boxed wpr-equal-height-no e-con e-parent\" data-id=\"ac8ae13\" data-element_type=\"container\" data-e-type=\"container\" data-settings=\"{&quot;background_background&quot;:&quot;classic&quot;}\">\n\t\t\t\t\t<div class=\"e-con-inner\">\n\t\t<div class=\"elementor-element elementor-element-ddbe903 e-con-full e-flex wpr-equal-height-no e-con e-child\" data-id=\"ddbe903\" data-element_type=\"container\" data-e-type=\"container\">\n\t\t\t\t<\/div>\n\t\t<div class=\"elementor-element elementor-element-b382a5d e-con-full e-flex wpr-equal-height-no e-con e-child\" data-id=\"b382a5d\" data-element_type=\"container\" data-e-type=\"container\">\n\t\t\t\t<\/div>\n\t\t<div class=\"elementor-element elementor-element-f6b392e e-con-full e-flex wpr-equal-height-no e-con e-child\" data-id=\"f6b392e\" data-element_type=\"container\" data-e-type=\"container\">\n\t\t\t\t<div class=\"elementor-element elementor-element-857e4a7 elementor-widget elementor-widget-heading\" data-id=\"857e4a7\" data-element_type=\"widget\" data-e-type=\"widget\" data-widget_type=\"heading.default\">\n\t\t\t\t\t<h2 class=\"elementor-heading-title elementor-size-default\">Falar e abordar as <span class=\"bg-yellow\">emo\u00e7\u00f5es<\/span> com as crian\u00e7as ser\u00e1 sempre muito mais do que uma simples <span class=\"bg-yellow\">conversa<\/span>.<\/h2>\t\t\t\t<\/div>\n\t\t\t\t<\/div>\n\t\t<div class=\"elementor-element elementor-element-082714b e-con-full e-flex wpr-equal-height-no e-con e-child\" data-id=\"082714b\" data-element_type=\"container\" data-e-type=\"container\">\n\t\t\t\t<div class=\"elementor-element elementor-element-a56ef0b animated-fast elementor-invisible elementor-widget elementor-widget-text-editor\" data-id=\"a56ef0b\" data-element_type=\"widget\" data-e-type=\"widget\" data-settings=\"{&quot;_animation&quot;:&quot;fadeIn&quot;,&quot;_animation_delay&quot;:100}\" data-widget_type=\"text-editor.default\">\n\t\t\t\t\t\t\t\t\t<p>\u00c9 um\u00a0<strong>processo de descoberta, de partilha e de aprendizagem conjunta<\/strong>. Ao explorarem as emo\u00e7\u00f5es, as crian\u00e7as aprendem a\u00a0<strong>reconhecer o que sentem<\/strong>, a compreender que todas as emo\u00e7\u00f5es s\u00e3o naturais e a encontrar formas mais saud\u00e1veis de lidar com elas. Para isso, \u00e9 essencial existir uma\u00a0<strong>rela\u00e7\u00e3o segura<\/strong>\u00a0que acolha e valide as emo\u00e7\u00f5es das crian\u00e7as, criando\u00a0<strong>espa\u00e7os seguros<\/strong>\u00a0de\u00a0onde as possam experimentar e expressar.<\/p><p>Este livro foi pensado precisamente para isso:\u00a0<strong>utilizar\u00a0<\/strong><strong>as emo\u00e7\u00f5es para criar oportunidades de di\u00e1logo<\/strong>, de brincadeira e de crescimento, aproximando crian\u00e7as e adultos na constru\u00e7\u00e3o de uma rela\u00e7\u00e3o mais saud\u00e1vel e consciente.<\/p>\t\t\t\t\t\t\t\t<\/div>\n\t\t\t\t<\/div>\n\t\t\t\t\t<\/div>\n\t\t\t\t<\/div>\n\t\t<div class=\"elementor-element elementor-element-1e093e2 e-flex e-con-boxed wpr-equal-height-no e-con e-parent\" data-id=\"1e093e2\" data-element_type=\"container\" data-e-type=\"container\">\n\t\t\t\t\t<div class=\"e-con-inner\">\n\t\t\t\t<div class=\"elementor-element elementor-element-a54784c elementor-widget elementor-widget-image\" data-id=\"a54784c\" data-element_type=\"widget\" data-e-type=\"widget\" data-widget_type=\"image.default\">\n\t\t\t\t\t\t\t\t\t\t\t\t\t\t\t<img decoding=\"async\" width=\"1359\" height=\"1020\" src=\"https:\/\/emlacos.pt\/livro-as-emocoes-guia-pratico\/wp-content\/uploads\/2026\/03\/open-book-as-emocoes-em-lacos.jpg\" class=\"attachment-full size-full wp-image-479\" alt=\"\" srcset=\"https:\/\/emlacos.pt\/livro-as-emocoes-guia-pratico\/wp-content\/uploads\/2026\/03\/open-book-as-emocoes-em-lacos.jpg 1359w, https:\/\/emlacos.pt\/livro-as-emocoes-guia-pratico\/wp-content\/uploads\/2026\/03\/open-book-as-emocoes-em-lacos-300x225.jpg 300w, https:\/\/emlacos.pt\/livro-as-emocoes-guia-pratico\/wp-content\/uploads\/2026\/03\/open-book-as-emocoes-em-lacos-1024x769.jpg 1024w, https:\/\/emlacos.pt\/livro-as-emocoes-guia-pratico\/wp-content\/uploads\/2026\/03\/open-book-as-emocoes-em-lacos-768x576.jpg 768w, https:\/\/emlacos.pt\/livro-as-emocoes-guia-pratico\/wp-content\/uploads\/2026\/03\/open-book-as-emocoes-em-lacos-600x450.jpg 600w\" sizes=\"(max-width: 1359px) 100vw, 1359px\" \/>\t\t\t\t\t\t\t\t\t\t\t\t\t\t\t<\/div>\n\t\t\t\t\t<\/div>\n\t\t\t\t<\/div>\n\t\t<div class=\"elementor-element elementor-element-ecc42e3 e-con-full e-flex wpr-equal-height-no e-con e-parent\" data-id=\"ecc42e3\" data-element_type=\"container\" data-e-type=\"container\">\n\t\t\t\t<div class=\"elementor-element elementor-element-d11c625 elementor-widget-divider--view-line elementor-widget elementor-widget-divider\" data-id=\"d11c625\" data-element_type=\"widget\" data-e-type=\"widget\" data-widget_type=\"divider.default\">\n\t\t\t\t\t\t\t<div class=\"elementor-divider\">\n\t\t\t<span class=\"elementor-divider-separator\">\n\t\t\t\t\t\t<\/span>\n\t\t<\/div>\n\t\t\t\t\t\t<\/div>\n\t\t\t\t<\/div>\n\t\t<div class=\"elementor-element elementor-element-fd516bd e-flex e-con-boxed wpr-equal-height-no e-con e-parent\" data-id=\"fd516bd\" data-element_type=\"container\" data-e-type=\"container\" data-settings=\"{&quot;background_background&quot;:&quot;classic&quot;}\">\n\t\t\t\t\t<div class=\"e-con-inner\">\n\t\t<div class=\"elementor-element elementor-element-0d9d1ac e-con-full e-flex wpr-equal-height-no e-con e-child\" data-id=\"0d9d1ac\" data-element_type=\"container\" data-e-type=\"container\">\n\t\t\t\t<div class=\"elementor-element elementor-element-e4365a6 elementor-widget elementor-widget-heading\" data-id=\"e4365a6\" data-element_type=\"widget\" data-e-type=\"widget\" data-widget_type=\"heading.default\">\n\t\t\t\t\t<h2 class=\"elementor-heading-title elementor-size-default\">Um livro para explorar emo\u00e7\u00f5es de forma <span class=\"bg-yellow\">segura<\/span> e <span class=\"bg-yellow\">pr\u00e1tica<\/span>.<\/h2>\t\t\t\t<\/div>\n\t\t\t\t<\/div>\n\t\t<div class=\"elementor-element elementor-element-3a7b897 e-con-full elementor-hidden-mobile e-flex wpr-equal-height-no e-con e-child\" data-id=\"3a7b897\" data-element_type=\"container\" data-e-type=\"container\">\n\t\t\t\t<\/div>\n\t\t<div class=\"elementor-element elementor-element-d5b57f7 e-con-full e-flex wpr-equal-height-no e-con e-child\" data-id=\"d5b57f7\" data-element_type=\"container\" data-e-type=\"container\">\n\t\t\t\t<div class=\"elementor-element elementor-element-6ded4b2 animated-fast elementor-invisible elementor-widget elementor-widget-text-editor\" data-id=\"6ded4b2\" data-element_type=\"widget\" data-e-type=\"widget\" data-settings=\"{&quot;_animation&quot;:&quot;fadeIn&quot;,&quot;_animation_delay&quot;:100}\" data-widget_type=\"text-editor.default\">\n\t\t\t\t\t\t\t\t\t<p>No livro &#8220;<strong>As Emo\u00e7\u00f5es: Guia Pr\u00e1tico&#8221;\u00a0<\/strong>encontrar\u00e1 um recurso pensado para ajudar crian\u00e7as e adultos a compreender, a\u00a0<strong>explorar e a aprender com aquilo que sentem<\/strong>. Este guia est\u00e1 organizado em duas partes principais:<\/p>\t\t\t\t\t\t\t\t<\/div>\n\t\t\t\t<\/div>\n\t\t<div class=\"elementor-element elementor-element-47e2ad1 e-con-full e-flex wpr-equal-height-no e-con e-child\" data-id=\"47e2ad1\" data-element_type=\"container\" data-e-type=\"container\">\n\t\t\t\t<div class=\"elementor-element elementor-element-fcfc3b5 animated-fast elementor-invisible elementor-widget elementor-widget-text-editor\" data-id=\"fcfc3b5\" data-element_type=\"widget\" data-e-type=\"widget\" data-settings=\"{&quot;_animation&quot;:&quot;fadeIn&quot;,&quot;_animation_delay&quot;:300}\" data-widget_type=\"text-editor.default\">\n\t\t\t\t\t\t\t\t\t<p>Numa primeira parte, \u00e9 apresentada uma\u00a0<strong>introdu\u00e7\u00e3o simples<\/strong>\u00a0e acess\u00edvel sobre as emo\u00e7\u00f5es: o que s\u00e3o, como surgem e de que forma influenciam o nosso corpo e as nossas rela\u00e7\u00f5es com os outros.<\/p><p>Segue-se uma segunda parte dedicada \u00e0\u00a0<strong>explora\u00e7\u00e3o de diferentes emo\u00e7\u00f5es<\/strong>, como o medo, a alegria, a vergonha, a raiva, a confus\u00e3o, o arrependimento, entre outras. Cada emo\u00e7\u00e3o \u00e9 aprofundada com recurso \u00e0\u00a0<strong>m\u00fasica<\/strong>\u00a0e a\u00a0<strong>atividades conjuntas<\/strong>, que convidam \u00e0 experi\u00eancia, \u00e0 reflex\u00e3o e \u00e0 aprendizagem.<\/p><p>Um livro que articula conhecimento cient\u00edfico e uma abordagem l\u00fadica e divertida que o transformam numa ferramenta poderosa para ajudar as crian\u00e7as (e os adultos) na sua gest\u00e3o emocional!\u00a0<\/p>\t\t\t\t\t\t\t\t<\/div>\n\t\t\t\t<\/div>\n\t\t\t\t\t<\/div>\n\t\t\t\t<\/div>\n\t\t<div class=\"elementor-element elementor-element-b39ba2b e-flex e-con-boxed wpr-equal-height-no e-con e-parent\" data-id=\"b39ba2b\" data-element_type=\"container\" data-e-type=\"container\">\n\t\t\t\t\t<div class=\"e-con-inner\">\n\t\t\t\t<div class=\"elementor-element elementor-element-0854ff5 elementor-widget elementor-widget-image\" data-id=\"0854ff5\" data-element_type=\"widget\" data-e-type=\"widget\" data-widget_type=\"image.default\">\n\t\t\t\t\t\t\t\t\t\t\t\t\t\t\t<img decoding=\"async\" width=\"1500\" height=\"1137\" src=\"https:\/\/emlacos.pt\/livro-as-emocoes-guia-pratico\/wp-content\/uploads\/2026\/03\/books-as-emocoes-em-lacos.jpg\" class=\"attachment-full size-full wp-image-482\" alt=\"\" srcset=\"https:\/\/emlacos.pt\/livro-as-emocoes-guia-pratico\/wp-content\/uploads\/2026\/03\/books-as-emocoes-em-lacos.jpg 1500w, https:\/\/emlacos.pt\/livro-as-emocoes-guia-pratico\/wp-content\/uploads\/2026\/03\/books-as-emocoes-em-lacos-300x227.jpg 300w, https:\/\/emlacos.pt\/livro-as-emocoes-guia-pratico\/wp-content\/uploads\/2026\/03\/books-as-emocoes-em-lacos-1024x776.jpg 1024w, https:\/\/emlacos.pt\/livro-as-emocoes-guia-pratico\/wp-content\/uploads\/2026\/03\/books-as-emocoes-em-lacos-768x582.jpg 768w, https:\/\/emlacos.pt\/livro-as-emocoes-guia-pratico\/wp-content\/uploads\/2026\/03\/books-as-emocoes-em-lacos-600x455.jpg 600w\" sizes=\"(max-width: 1500px) 100vw, 1500px\" \/>\t\t\t\t\t\t\t\t\t\t\t\t\t\t\t<\/div>\n\t\t\t\t\t<\/div>\n\t\t\t\t<\/div>\n\t\t<div class=\"elementor-element elementor-element-f365cf8 e-flex e-con-boxed wpr-equal-height-no e-con e-parent\" data-id=\"f365cf8\" data-element_type=\"container\" data-e-type=\"container\" id=\"comprar\" data-settings=\"{&quot;background_background&quot;:&quot;classic&quot;}\">\n\t\t\t\t\t<div class=\"e-con-inner\">\n\t\t<div class=\"elementor-element elementor-element-108e174 e-con-full e-flex wpr-equal-height-no e-con e-child\" data-id=\"108e174\" data-element_type=\"container\" data-e-type=\"container\">\n\t\t\t\t<div class=\"elementor-element elementor-element-d767a68 elementor-widget elementor-widget-heading\" data-id=\"d767a68\" data-element_type=\"widget\" data-e-type=\"widget\" data-widget_type=\"heading.default\">\n\t\t\t\t\t<h3 class=\"elementor-heading-title elementor-size-default\">PRE\u00c7O<\/h3>\t\t\t\t<\/div>\n\t\t\t\t<div class=\"elementor-element elementor-element-21a34ee elementor-widget elementor-widget-text-editor\" data-id=\"21a34ee\" data-element_type=\"widget\" data-e-type=\"widget\" data-widget_type=\"text-editor.default\">\n\t\t\t\t\t\t\t\t\t<ul role=\"list\"><li>Portes n\u00e3o inclu\u00eddos<\/li><\/ul>\t\t\t\t\t\t\t\t<\/div>\n\t\t\t\t<\/div>\n\t\t<div class=\"elementor-element elementor-element-e3e36e7 e-con-full e-flex wpr-equal-height-no e-con e-child\" data-id=\"e3e36e7\" data-element_type=\"container\" data-e-type=\"container\">\n\t\t\t\t<div class=\"elementor-element elementor-element-7260f42 elementor-widget__width-auto elementor-widget elementor-widget-heading\" data-id=\"7260f42\" data-element_type=\"widget\" data-e-type=\"widget\" data-widget_type=\"heading.default\">\n\t\t\t\t\t<h2 class=\"elementor-heading-title elementor-size-default\">23\u20ac<\/h2>\t\t\t\t<\/div>\n\t\t\t\t<div class=\"elementor-element elementor-element-6426dd9 elementor-widget elementor-widget-text-editor\" data-id=\"6426dd9\" data-element_type=\"widget\" data-e-type=\"widget\" data-widget_type=\"text-editor.default\">\n\t\t\t\t\t\t\t\t\t<p><strong>6% IVA<\/strong> inclu\u00eddo<\/p>\t\t\t\t\t\t\t\t<\/div>\n\t\t\t\t<div class=\"elementor-element elementor-element-ba51fa5 elementor-mobile-align-justify elementor-widget-mobile__width-inherit elementor-hidden-desktop elementor-hidden-tablet elementor-hidden-mobile elementor-widget elementor-widget-button\" data-id=\"ba51fa5\" data-element_type=\"widget\" data-e-type=\"widget\" data-widget_type=\"button.default\">\n\t\t\t\t\t\t\t\t\t\t<a class=\"elementor-button elementor-button-link elementor-size-sm\" href=\"https:\/\/emlacos.pt\/livro-as-emocoes-guia-pratico\/checkout\/?add-to-cart=428\">\n\t\t\t\t\t\t<span class=\"elementor-button-content-wrapper\">\n\t\t\t\t\t\t\t\t\t<span class=\"elementor-button-text\">Comprar<\/span>\n\t\t\t\t\t<\/span>\n\t\t\t\t\t<\/a>\n\t\t\t\t\t\t\t\t<\/div>\n\t\t\t\t<div class=\"elementor-element elementor-element-0c13232 elementor-mobile-align-justify elementor-widget-mobile__width-inherit elementor-widget elementor-widget-button\" data-id=\"0c13232\" data-element_type=\"widget\" data-e-type=\"widget\" data-widget_type=\"button.default\">\n\t\t\t\t\t\t\t\t\t\t<a class=\"elementor-button elementor-button-link elementor-size-sm\" href=\"https:\/\/emlacos.pt\/contacto\/#pagina-contacto\">\n\t\t\t\t\t\t<span class=\"elementor-button-content-wrapper\">\n\t\t\t\t\t\t\t\t\t<span class=\"elementor-button-text\">Comprar<\/span>\n\t\t\t\t\t<\/span>\n\t\t\t\t\t<\/a>\n\t\t\t\t\t\t\t\t<\/div>\n\t\t\t\t<\/div>\n\t\t\t\t\t<\/div>\n\t\t\t\t<\/div>\n\t\t<div class=\"elementor-element elementor-element-7ab2e02 e-flex e-con-boxed wpr-equal-height-no e-con e-parent\" data-id=\"7ab2e02\" data-element_type=\"container\" data-e-type=\"container\">\n\t\t\t\t\t<div class=\"e-con-inner\">\n\t\t\t\t<div class=\"elementor-element elementor-element-9bb5d2a elementor-widget elementor-widget-heading\" data-id=\"9bb5d2a\" data-element_type=\"widget\" data-e-type=\"widget\" data-widget_type=\"heading.default\">\n\t\t\t\t\t<h3 class=\"elementor-heading-title elementor-size-default\">OLHARES SOBRE O LIVRO<\/h3>\t\t\t\t<\/div>\n\t\t\t\t<div class=\"elementor-element elementor-element-b485dd3 animated-fast elementor-hidden-mobile elementor-invisible elementor-widget elementor-widget-image\" data-id=\"b485dd3\" data-element_type=\"widget\" data-e-type=\"widget\" data-settings=\"{&quot;_animation&quot;:&quot;fadeIn&quot;,&quot;_animation_delay&quot;:100}\" data-widget_type=\"image.default\">\n\t\t\t\t\t\t\t\t\t\t\t\t\t\t\t<img loading=\"lazy\" decoding=\"async\" width=\"2560\" height=\"1904\" src=\"https:\/\/emlacos.pt\/livro-as-emocoes-guia-pratico\/wp-content\/uploads\/2026\/03\/testimonials-as-emocoes-em-lacos-scaled.png\" class=\"attachment-full size-full wp-image-504\" alt=\"\" srcset=\"https:\/\/emlacos.pt\/livro-as-emocoes-guia-pratico\/wp-content\/uploads\/2026\/03\/testimonials-as-emocoes-em-lacos-scaled.png 2560w, https:\/\/emlacos.pt\/livro-as-emocoes-guia-pratico\/wp-content\/uploads\/2026\/03\/testimonials-as-emocoes-em-lacos-300x223.png 300w, https:\/\/emlacos.pt\/livro-as-emocoes-guia-pratico\/wp-content\/uploads\/2026\/03\/testimonials-as-emocoes-em-lacos-1024x762.png 1024w, https:\/\/emlacos.pt\/livro-as-emocoes-guia-pratico\/wp-content\/uploads\/2026\/03\/testimonials-as-emocoes-em-lacos-768x571.png 768w, https:\/\/emlacos.pt\/livro-as-emocoes-guia-pratico\/wp-content\/uploads\/2026\/03\/testimonials-as-emocoes-em-lacos-1536x1143.png 1536w, https:\/\/emlacos.pt\/livro-as-emocoes-guia-pratico\/wp-content\/uploads\/2026\/03\/testimonials-as-emocoes-em-lacos-2048x1524.png 2048w, https:\/\/emlacos.pt\/livro-as-emocoes-guia-pratico\/wp-content\/uploads\/2026\/03\/testimonials-as-emocoes-em-lacos-600x446.png 600w\" sizes=\"(max-width: 2560px) 100vw, 2560px\" \/>\t\t\t\t\t\t\t\t\t\t\t\t\t\t\t<\/div>\n\t\t\t\t<div class=\"elementor-element elementor-element-8493299 animated-fast elementor-hidden-desktop elementor-hidden-tablet elementor-invisible elementor-widget elementor-widget-image\" data-id=\"8493299\" data-element_type=\"widget\" data-e-type=\"widget\" data-settings=\"{&quot;_animation&quot;:&quot;fadeIn&quot;,&quot;_animation_delay&quot;:100}\" data-widget_type=\"image.default\">\n\t\t\t\t\t\t\t\t\t\t\t\t\t\t\t<img loading=\"lazy\" decoding=\"async\" width=\"1339\" height=\"2560\" src=\"https:\/\/emlacos.pt\/livro-as-emocoes-guia-pratico\/wp-content\/uploads\/2026\/03\/testimonials-em-lacos-mobile-scaled.png\" class=\"attachment-full size-full wp-image-831\" alt=\"\" srcset=\"https:\/\/emlacos.pt\/livro-as-emocoes-guia-pratico\/wp-content\/uploads\/2026\/03\/testimonials-em-lacos-mobile-scaled.png 1339w, https:\/\/emlacos.pt\/livro-as-emocoes-guia-pratico\/wp-content\/uploads\/2026\/03\/testimonials-em-lacos-mobile-157x300.png 157w, https:\/\/emlacos.pt\/livro-as-emocoes-guia-pratico\/wp-content\/uploads\/2026\/03\/testimonials-em-lacos-mobile-536x1024.png 536w, https:\/\/emlacos.pt\/livro-as-emocoes-guia-pratico\/wp-content\/uploads\/2026\/03\/testimonials-em-lacos-mobile-768x1468.png 768w, https:\/\/emlacos.pt\/livro-as-emocoes-guia-pratico\/wp-content\/uploads\/2026\/03\/testimonials-em-lacos-mobile-803x1536.png 803w, https:\/\/emlacos.pt\/livro-as-emocoes-guia-pratico\/wp-content\/uploads\/2026\/03\/testimonials-em-lacos-mobile-1071x2048.png 1071w, https:\/\/emlacos.pt\/livro-as-emocoes-guia-pratico\/wp-content\/uploads\/2026\/03\/testimonials-em-lacos-mobile-600x1147.png 600w\" sizes=\"(max-width: 1339px) 100vw, 1339px\" \/>\t\t\t\t\t\t\t\t\t\t\t\t\t\t\t<\/div>\n\t\t\t\t\t<\/div>\n\t\t\t\t<\/div>\n\t\t<div class=\"elementor-element elementor-element-d96de87 e-flex e-con-boxed wpr-equal-height-no e-con e-parent\" data-id=\"d96de87\" data-element_type=\"container\" data-e-type=\"container\">\n\t\t\t\t\t<div class=\"e-con-inner\">\n\t\t<div class=\"elementor-element elementor-element-64052ac e-con-full e-flex wpr-equal-height-no e-con e-child\" data-id=\"64052ac\" data-element_type=\"container\" data-e-type=\"container\">\n\t\t\t\t<div class=\"elementor-element elementor-element-cde53f0 elementor-widget elementor-widget-heading\" data-id=\"cde53f0\" data-element_type=\"widget\" data-e-type=\"widget\" data-widget_type=\"heading.default\">\n\t\t\t\t\t<h3 class=\"elementor-heading-title elementor-size-default\">AUTORAS<\/h3>\t\t\t\t<\/div>\n\t\t\t\t<div class=\"elementor-element elementor-element-5a96ff5 elementor-widget elementor-widget-heading\" data-id=\"5a96ff5\" data-element_type=\"widget\" data-e-type=\"widget\" data-widget_type=\"heading.default\">\n\t\t\t\t\t<h2 class=\"elementor-heading-title elementor-size-default\"><span class=\"bg-yellow\" style=\"padding-left:0em\">Conhe\u00e7a<\/span> quem est\u00e1 por detr\u00e1s do livro.<\/h2>\t\t\t\t<\/div>\n\t\t\t\t<\/div>\n\t\t<div class=\"elementor-element elementor-element-cd01236 e-con-full e-flex wpr-equal-height-no e-con e-child\" data-id=\"cd01236\" data-element_type=\"container\" data-e-type=\"container\">\n\t\t\t\t<div class=\"elementor-element elementor-element-b6d6028 animated-fast elementor-invisible elementor-widget elementor-widget-text-editor\" data-id=\"b6d6028\" data-element_type=\"widget\" data-e-type=\"widget\" data-settings=\"{&quot;_animation&quot;:&quot;fadeIn&quot;,&quot;_animation_delay&quot;:100}\" data-widget_type=\"text-editor.default\">\n\t\t\t\t\t\t\t\t\t<p>Este livro foi pensado em equipa, como uma<strong> ferramenta de trabalho,<\/strong> para familiares de crian\u00e7as e profissionais de educa\u00e7\u00e3o. Ao longo de anos de experi\u00eancia, apercebemo-nos da escassez de material \u00fatil aos profissionais de educa\u00e7\u00e3o e \u00e0s fam\u00edlias na <strong>explora\u00e7\u00e3o das emo\u00e7\u00f5es<\/strong> com as crian\u00e7as.<\/p><p>Neste sentido, surgiu a <strong>necessidade<\/strong> de criar um instrumento de trabalho mais abrangente, com recurso \u00e0 <strong>m\u00fasica<\/strong>, a <strong>atividades de explora\u00e7\u00e3o<\/strong> e de <strong>resolu\u00e7\u00e3o emocional<\/strong>, devidamente contextualizado pelos olhares da <strong>Psicologia<\/strong>, da <strong>Psicomotricidade<\/strong>, da <strong>Terapia Familiar<\/strong> e da <strong>Musicoterapia<\/strong>.<\/p>\t\t\t\t\t\t\t\t<\/div>\n\t\t\t\t<\/div>\n\t\t\t\t\t<\/div>\n\t\t\t\t<\/div>\n\t\t<div class=\"elementor-element elementor-element-89811cc e-con-full e-flex wpr-equal-height-no e-con e-parent\" data-id=\"89811cc\" data-element_type=\"container\" data-e-type=\"container\">\n\t\t<div class=\"elementor-element elementor-element-8529cda e-con-full e-flex wpr-equal-height-no e-con e-child\" data-id=\"8529cda\" data-element_type=\"container\" data-e-type=\"container\">\n\t\t\t\t<div class=\"elementor-element elementor-element-54bc1f0 elementor-widget elementor-widget-image\" data-id=\"54bc1f0\" data-element_type=\"widget\" data-e-type=\"widget\" data-widget_type=\"image.default\">\n\t\t\t\t\t\t\t\t\t\t\t\t\t\t\t<img loading=\"lazy\" decoding=\"async\" width=\"1500\" height=\"889\" src=\"https:\/\/emlacos.pt\/livro-as-emocoes-guia-pratico\/wp-content\/uploads\/2026\/03\/team-as-emocoes-em-lacos.jpg\" class=\"attachment-full size-full wp-image-521\" alt=\"\" srcset=\"https:\/\/emlacos.pt\/livro-as-emocoes-guia-pratico\/wp-content\/uploads\/2026\/03\/team-as-emocoes-em-lacos.jpg 1500w, https:\/\/emlacos.pt\/livro-as-emocoes-guia-pratico\/wp-content\/uploads\/2026\/03\/team-as-emocoes-em-lacos-300x178.jpg 300w, https:\/\/emlacos.pt\/livro-as-emocoes-guia-pratico\/wp-content\/uploads\/2026\/03\/team-as-emocoes-em-lacos-1024x607.jpg 1024w, https:\/\/emlacos.pt\/livro-as-emocoes-guia-pratico\/wp-content\/uploads\/2026\/03\/team-as-emocoes-em-lacos-768x455.jpg 768w, https:\/\/emlacos.pt\/livro-as-emocoes-guia-pratico\/wp-content\/uploads\/2026\/03\/team-as-emocoes-em-lacos-600x356.jpg 600w\" sizes=\"(max-width: 1500px) 100vw, 1500px\" \/>\t\t\t\t\t\t\t\t\t\t\t\t\t\t\t<\/div>\n\t\t\t\t<div class=\"elementor-element elementor-element-475963e elementor-widget elementor-widget-html\" data-id=\"475963e\" data-element_type=\"widget\" data-e-type=\"widget\" data-widget_type=\"html.default\">\n\t\t\t\t\t<script>\r\ndocument.addEventListener(\"DOMContentLoaded\", function () {\r\n  const highlights = document.querySelectorAll(\".bg-yellow\");\r\n  const timers = new WeakMap(); \/\/ guarda timers de cada elemento\r\n\r\n  const observer = new IntersectionObserver((entries) => {\r\n    entries.forEach(entry => {\r\n      const el = entry.target;\r\n\r\n      if (entry.isIntersecting) {\r\n        \/\/ define um timer de 1s antes de adicionar show\r\n        const timer = setTimeout(() => {\r\n          el.classList.add(\"show\");\r\n        }, 150);\r\n        timers.set(el, timer);\r\n      } else {\r\n        \/\/ remove a classe show imediatamente e cancela timer se existir\r\n        el.classList.remove(\"show\");\r\n        if (timers.has(el)) {\r\n          clearTimeout(timers.get(el));\r\n          timers.delete(el);\r\n        }\r\n      }\r\n    });\r\n  }, {\r\n    threshold: 0.2\r\n  });\r\n\r\n  highlights.forEach(el => observer.observe(el));\r\n});\r\n<\/script>\t\t\t\t<\/div>\n\t\t\t\t<\/div>\n\t\t<div class=\"elementor-element elementor-element-cd20c0b e-con-full e-flex wpr-equal-height-no e-con e-child\" data-id=\"cd20c0b\" data-element_type=\"container\" data-e-type=\"container\">\n\t\t\t\t<div class=\"elementor-element elementor-element-c8b6e8d animated-fast elementor-invisible elementor-widget elementor-widget-text-editor\" data-id=\"c8b6e8d\" data-element_type=\"widget\" data-e-type=\"widget\" data-settings=\"{&quot;_animation&quot;:&quot;fadeIn&quot;,&quot;_animation_delay&quot;:0}\" data-widget_type=\"text-editor.default\">\n\t\t\t\t\t\t\t\t\tTatiana Santos\t\t\t\t\t\t\t\t<\/div>\n\t\t\t\t<div class=\"elementor-element elementor-element-21ce59e animated-fast elementor-invisible elementor-widget elementor-widget-text-editor\" data-id=\"21ce59e\" data-element_type=\"widget\" data-e-type=\"widget\" data-settings=\"{&quot;_animation&quot;:&quot;fadeIn&quot;,&quot;_animation_delay&quot;:100}\" data-widget_type=\"text-editor.default\">\n\t\t\t\t\t\t\t\t\tAna Esperan\u00e7a\t\t\t\t\t\t\t\t<\/div>\n\t\t\t\t<div class=\"elementor-element elementor-element-b493bc5 animated-fast elementor-invisible elementor-widget elementor-widget-text-editor\" data-id=\"b493bc5\" data-element_type=\"widget\" data-e-type=\"widget\" data-settings=\"{&quot;_animation&quot;:&quot;fadeIn&quot;,&quot;_animation_delay&quot;:200}\" data-widget_type=\"text-editor.default\">\n\t\t\t\t\t\t\t\t\tSusana Lu\u00eds\t\t\t\t\t\t\t\t<\/div>\n\t\t\t\t<div class=\"elementor-element elementor-element-a03a3ec animated-fast elementor-invisible elementor-widget elementor-widget-text-editor\" data-id=\"a03a3ec\" data-element_type=\"widget\" data-e-type=\"widget\" data-settings=\"{&quot;_animation&quot;:&quot;fadeIn&quot;,&quot;_animation_delay&quot;:300}\" data-widget_type=\"text-editor.default\">\n\t\t\t\t\t\t\t\t\tSara Carvalho\t\t\t\t\t\t\t\t<\/div>\n\t\t\t\t<div class=\"elementor-element elementor-element-99c3ca9 animated-fast elementor-invisible elementor-widget elementor-widget-text-editor\" data-id=\"99c3ca9\" data-element_type=\"widget\" data-e-type=\"widget\" data-settings=\"{&quot;_animation&quot;:&quot;fadeIn&quot;,&quot;_animation_delay&quot;:400}\" data-widget_type=\"text-editor.default\">\n\t\t\t\t\t\t\t\t\tPatr\u00edcia Calado\t\t\t\t\t\t\t\t<\/div>\n\t\t\t\t<\/div>\n\t\t\t\t<\/div>\n\t\t\t\t<\/div>\n\t\t","protected":false},"excerpt":{"rendered":"<p>COMPRAR LIVRO LIVRO \u201cAS EMO\u00c7\u00d5ES: GUIA PR\u00c1TICO\u201d Aprender as emo\u00e7\u00f5es \u00e9 dar voz ao que sentimos. Um livro pr\u00e1tico para fam\u00edlias, educadores e terapeutas que querem ajudar as crian\u00e7as a compreender, sentir e gerir as suas emo\u00e7\u00f5es. COMPRAR LIVRO COMPRAR LIVRO Um livro para explorar emo\u00e7\u00f5es de forma segura e pr\u00e1tica. O guia pr\u00e1tico &#8220;As Emo\u00e7\u00f5es&#8221; foi criado para ajudar crian\u00e7as e adultos a explorar, compreender e aceitar as emo\u00e7\u00f5es atrav\u00e9s de atividades simples e experi\u00eancias partilhadas. O livro cont\u00e9m: Um livro para explorar emo\u00e7\u00f5es de forma segura e pr\u00e1tica. Explica\u00e7\u00e3o clara sobre emo\u00e7\u00f5es. Atividades de explora\u00e7\u00e3o emocional. M\u00fasicas alusivas \u00e0s emo\u00e7\u00f5es. Din\u00e2micas para fam\u00edlias e para escolas. Tudo pensado para criar momentos de di\u00e1logo, de partilha e decrescimento emocional. A quem se destina este livro? O livro &#8220;As Emo\u00e7\u00f5es &#8211; Guia Pr\u00e1tico&#8221; foi pensado para ajudar pais, profissionais de educa\u00e7\u00e3o e terapeutas a compreender melhor a tem\u00e1tica das emo\u00e7\u00f5es.Nem sempre \u00e9 f\u00e1cil interpretar o que uma crian\u00e7a sente. Muitas emo\u00e7\u00f5es surgem de forma intensa, confusa ou at\u00e9 silenciosa. Este livro oferece um caminho para reconhecer esses sinais e para compreender a crian\u00e7a com mais empatia e clareza. O que n\u00e3o percebemos (e por isso tamb\u00e9m n\u00e3o ensinamos) \u00e9 que: Todas as emo\u00e7\u00f5es s\u00e3o \u00fateis \u00e0 nossa vida e ao nosso dia-a-dia. Todas as emo\u00e7\u00f5es s\u00e3o igualmente importantes. Reprimir emo\u00e7\u00f5es n\u00e3o \u00e9 o mesmo que geri-las. N\u00e3o podemos ter umas emo\u00e7\u00f5es sem as outras. N\u00e3o expressar as nossas emo\u00e7\u00f5es n\u00e3o diminui a necessidade de as expressar. N\u00e3o podemos controlar emo\u00e7\u00f5es (podemos aprender a geri-las). Falar e abordar as emo\u00e7\u00f5es com as crian\u00e7as ser\u00e1 sempre muito mais do que uma simples conversa. \u00c9 um\u00a0processo de descoberta, de partilha e de aprendizagem conjunta. Ao explorarem as emo\u00e7\u00f5es, as crian\u00e7as aprendem a\u00a0reconhecer o que sentem, a compreender que todas as emo\u00e7\u00f5es s\u00e3o naturais e a encontrar formas mais saud\u00e1veis de lidar com elas. Para isso, \u00e9 essencial existir uma\u00a0rela\u00e7\u00e3o segura\u00a0que acolha e valide as emo\u00e7\u00f5es das crian\u00e7as, criando\u00a0espa\u00e7os seguros\u00a0de\u00a0onde as possam experimentar e expressar. Este livro foi pensado precisamente para isso:\u00a0utilizar\u00a0as emo\u00e7\u00f5es para criar oportunidades de di\u00e1logo, de brincadeira e de crescimento, aproximando crian\u00e7as e adultos na constru\u00e7\u00e3o de uma rela\u00e7\u00e3o mais saud\u00e1vel e consciente. Um livro para explorar emo\u00e7\u00f5es de forma segura e pr\u00e1tica. No livro &#8220;As Emo\u00e7\u00f5es: Guia Pr\u00e1tico&#8221;\u00a0encontrar\u00e1 um recurso pensado para ajudar crian\u00e7as e adultos a compreender, a\u00a0explorar e a aprender com aquilo que sentem. Este guia est\u00e1 organizado em duas partes principais: Numa primeira parte, \u00e9 apresentada uma\u00a0introdu\u00e7\u00e3o simples\u00a0e acess\u00edvel sobre as emo\u00e7\u00f5es: o que s\u00e3o, como surgem e de que forma influenciam o nosso corpo e as nossas rela\u00e7\u00f5es com os outros. Segue-se uma segunda parte dedicada \u00e0\u00a0explora\u00e7\u00e3o de diferentes emo\u00e7\u00f5es, como o medo, a alegria, a vergonha, a raiva, a confus\u00e3o, o arrependimento, entre outras. Cada emo\u00e7\u00e3o \u00e9 aprofundada com recurso \u00e0\u00a0m\u00fasica\u00a0e a\u00a0atividades conjuntas, que convidam \u00e0 experi\u00eancia, \u00e0 reflex\u00e3o e \u00e0 aprendizagem. Um livro que articula conhecimento cient\u00edfico e uma abordagem l\u00fadica e divertida que o transformam numa ferramenta poderosa para ajudar as crian\u00e7as (e os adultos) na sua gest\u00e3o emocional!\u00a0 PRE\u00c7O Portes n\u00e3o inclu\u00eddos 23\u20ac 6% IVA inclu\u00eddo Comprar Comprar OLHARES SOBRE O LIVRO AUTORAS Conhe\u00e7a quem est\u00e1 por detr\u00e1s do livro. Este livro foi pensado em equipa, como uma ferramenta de trabalho, para familiares de crian\u00e7as e profissionais de educa\u00e7\u00e3o. Ao longo de anos de experi\u00eancia, apercebemo-nos da escassez de material \u00fatil aos profissionais de educa\u00e7\u00e3o e \u00e0s fam\u00edlias na explora\u00e7\u00e3o das emo\u00e7\u00f5es com as crian\u00e7as. Neste sentido, surgiu a necessidade de criar um instrumento de trabalho mais abrangente, com recurso \u00e0 m\u00fasica, a atividades de explora\u00e7\u00e3o e de resolu\u00e7\u00e3o emocional, devidamente contextualizado pelos olhares da Psicologia, da Psicomotricidade, da Terapia Familiar e da Musicoterapia. Tatiana SantosAna Esperan\u00e7aSusana Lu\u00edsSara CarvalhoPatr\u00edcia Calado<\/p>\n","protected":false},"author":1,"featured_media":847,"parent":0,"menu_order":0,"comment_status":"closed","ping_status":"closed","template":"elementor_header_footer","meta":{"footnotes":""},"class_list":["post-430","page","type-page","status-publish","has-post-thumbnail","hentry"],"yoast_head":"<!-- This site is optimized with the Yoast SEO plugin v27.4 - https:\/\/yoast.com\/product\/yoast-seo-wordpress\/ -->\n<title>Livro As Emo\u00e7\u00f5es \u2013 Guia para pais, educadores e terapeutas<\/title>\n<meta name=\"description\" content=\"Livro As Emo\u00e7\u00f5es: atividades e din\u00e2micas para ajudar adultos a ensinar crian\u00e7as a reconhecer e gerir emo\u00e7\u00f5es de forma pr\u00e1tica.\" \/>\n<meta name=\"robots\" content=\"index, follow, max-snippet:-1, max-image-preview:large, max-video-preview:-1\" \/>\n<link rel=\"canonical\" href=\"https:\/\/emlacos.pt\/livro-as-emocoes-guia-pratico\/\" \/>\n<meta property=\"og:locale\" content=\"pt_PT\" \/>\n<meta property=\"og:type\" content=\"article\" \/>\n<meta property=\"og:title\" content=\"Livro As Emo\u00e7\u00f5es \u2013 Guia para pais, educadores e terapeutas\" \/>\n<meta property=\"og:description\" content=\"Livro As Emo\u00e7\u00f5es: atividades e din\u00e2micas para ajudar adultos a ensinar crian\u00e7as a reconhecer e gerir emo\u00e7\u00f5es de forma pr\u00e1tica.\" \/>\n<meta property=\"og:url\" content=\"https:\/\/emlacos.pt\/livro-as-emocoes-guia-pratico\/\" \/>\n<meta property=\"og:site_name\" content=\"As Emo\u00e7\u00f5es (livro)\" \/>\n<meta property=\"article:publisher\" content=\"https:\/\/www.facebook.com\/emlacos.pt\" \/>\n<meta property=\"article:modified_time\" content=\"2026-04-20T07:49:11+00:00\" \/>\n<meta property=\"og:image\" content=\"https:\/\/emlacos.pt\/livro-as-emocoes-guia-pratico\/wp-content\/uploads\/2026\/03\/livro-as-emocoes-guia-pratico-2.jpg\" \/>\n\t<meta property=\"og:image:width\" content=\"1200\" \/>\n\t<meta property=\"og:image:height\" content=\"800\" \/>\n\t<meta property=\"og:image:type\" content=\"image\/jpeg\" \/>\n<meta name=\"twitter:card\" content=\"summary_large_image\" \/>\n<meta name=\"twitter:label1\" content=\"Tempo estimado de leitura\" \/>\n\t<meta name=\"twitter:data1\" content=\"5 minutos\" \/>\n<script type=\"application\/ld+json\" class=\"yoast-schema-graph\">{\"@context\":\"https:\\\/\\\/schema.org\",\"@graph\":[{\"@type\":\"WebPage\",\"@id\":\"https:\\\/\\\/emlacos.pt\\\/livro-as-emocoes-guia-pratico\\\/\",\"url\":\"https:\\\/\\\/emlacos.pt\\\/livro-as-emocoes-guia-pratico\\\/\",\"name\":\"Livro As Emo\u00e7\u00f5es \u2013 Guia para pais, educadores e terapeutas\",\"isPartOf\":{\"@id\":\"https:\\\/\\\/emlacos.pt\\\/livro-as-emocoes-guia-pratico\\\/#website\"},\"primaryImageOfPage\":{\"@id\":\"https:\\\/\\\/emlacos.pt\\\/livro-as-emocoes-guia-pratico\\\/#primaryimage\"},\"image\":{\"@id\":\"https:\\\/\\\/emlacos.pt\\\/livro-as-emocoes-guia-pratico\\\/#primaryimage\"},\"thumbnailUrl\":\"https:\\\/\\\/emlacos.pt\\\/livro-as-emocoes-guia-pratico\\\/wp-content\\\/uploads\\\/2026\\\/03\\\/livro-as-emocoes-guia-pratico-2.jpg\",\"datePublished\":\"2026-03-11T13:05:06+00:00\",\"dateModified\":\"2026-04-20T07:49:11+00:00\",\"description\":\"Livro As Emo\u00e7\u00f5es: atividades e din\u00e2micas para ajudar adultos a ensinar crian\u00e7as a reconhecer e gerir emo\u00e7\u00f5es de forma pr\u00e1tica.\",\"breadcrumb\":{\"@id\":\"https:\\\/\\\/emlacos.pt\\\/livro-as-emocoes-guia-pratico\\\/#breadcrumb\"},\"inLanguage\":\"pt-PT\",\"potentialAction\":[{\"@type\":\"ReadAction\",\"target\":[\"https:\\\/\\\/emlacos.pt\\\/livro-as-emocoes-guia-pratico\\\/\"]}]},{\"@type\":\"ImageObject\",\"inLanguage\":\"pt-PT\",\"@id\":\"https:\\\/\\\/emlacos.pt\\\/livro-as-emocoes-guia-pratico\\\/#primaryimage\",\"url\":\"https:\\\/\\\/emlacos.pt\\\/livro-as-emocoes-guia-pratico\\\/wp-content\\\/uploads\\\/2026\\\/03\\\/livro-as-emocoes-guia-pratico-2.jpg\",\"contentUrl\":\"https:\\\/\\\/emlacos.pt\\\/livro-as-emocoes-guia-pratico\\\/wp-content\\\/uploads\\\/2026\\\/03\\\/livro-as-emocoes-guia-pratico-2.jpg\",\"width\":1200,\"height\":800},{\"@type\":\"BreadcrumbList\",\"@id\":\"https:\\\/\\\/emlacos.pt\\\/livro-as-emocoes-guia-pratico\\\/#breadcrumb\",\"itemListElement\":[{\"@type\":\"ListItem\",\"position\":1,\"name\":\"Home\",\"item\":\"https:\\\/\\\/emlacos.pt\\\/livro-as-emocoes-guia-pratico\\\/\"},{\"@type\":\"ListItem\",\"position\":2,\"name\":\"Livro As Emo\u00e7\u00f5es\"}]},{\"@type\":\"WebSite\",\"@id\":\"https:\\\/\\\/emlacos.pt\\\/livro-as-emocoes-guia-pratico\\\/#website\",\"url\":\"https:\\\/\\\/emlacos.pt\\\/livro-as-emocoes-guia-pratico\\\/\",\"name\":\"Forma\u00e7\u00e3o Online - Anatomia dos Funcionamentos Psicol\u00f3gicos\",\"description\":\"Em La\u00e7os\",\"publisher\":{\"@id\":\"https:\\\/\\\/emlacos.pt\\\/livro-as-emocoes-guia-pratico\\\/#organization\"},\"potentialAction\":[{\"@type\":\"SearchAction\",\"target\":{\"@type\":\"EntryPoint\",\"urlTemplate\":\"https:\\\/\\\/emlacos.pt\\\/livro-as-emocoes-guia-pratico\\\/?s={search_term_string}\"},\"query-input\":{\"@type\":\"PropertyValueSpecification\",\"valueRequired\":true,\"valueName\":\"search_term_string\"}}],\"inLanguage\":\"pt-PT\"},{\"@type\":\"Organization\",\"@id\":\"https:\\\/\\\/emlacos.pt\\\/livro-as-emocoes-guia-pratico\\\/#organization\",\"name\":\"Em La\u00e7os\",\"url\":\"https:\\\/\\\/emlacos.pt\\\/livro-as-emocoes-guia-pratico\\\/\",\"logo\":{\"@type\":\"ImageObject\",\"inLanguage\":\"pt-PT\",\"@id\":\"https:\\\/\\\/emlacos.pt\\\/livro-as-emocoes-guia-pratico\\\/#\\\/schema\\\/logo\\\/image\\\/\",\"url\":\"https:\\\/\\\/emlacos.pt\\\/livro-as-emocoes-guia-pratico\\\/wp-content\\\/uploads\\\/2026\\\/02\\\/logo-em-lacos-1.png\",\"contentUrl\":\"https:\\\/\\\/emlacos.pt\\\/livro-as-emocoes-guia-pratico\\\/wp-content\\\/uploads\\\/2026\\\/02\\\/logo-em-lacos-1.png\",\"width\":702,\"height\":135,\"caption\":\"Em La\u00e7os\"},\"image\":{\"@id\":\"https:\\\/\\\/emlacos.pt\\\/livro-as-emocoes-guia-pratico\\\/#\\\/schema\\\/logo\\\/image\\\/\"},\"sameAs\":[\"https:\\\/\\\/www.facebook.com\\\/emlacos.pt\",\"https:\\\/\\\/www.instagram.com\\\/emlacos.pt\",\"https:\\\/\\\/www.linkedin.com\\\/company\\\/em-laos-equipa-de-interveno-teraputica\\\/\"]}]}<\/script>\n<!-- \/ Yoast SEO plugin. -->","yoast_head_json":{"title":"Livro As Emo\u00e7\u00f5es \u2013 Guia para pais, educadores e terapeutas","description":"Livro As Emo\u00e7\u00f5es: atividades e din\u00e2micas para ajudar adultos a ensinar crian\u00e7as a reconhecer e gerir emo\u00e7\u00f5es de forma pr\u00e1tica.","robots":{"index":"index","follow":"follow","max-snippet":"max-snippet:-1","max-image-preview":"max-image-preview:large","max-video-preview":"max-video-preview:-1"},"canonical":"https:\/\/emlacos.pt\/livro-as-emocoes-guia-pratico\/","og_locale":"pt_PT","og_type":"article","og_title":"Livro As Emo\u00e7\u00f5es \u2013 Guia para pais, educadores e terapeutas","og_description":"Livro As Emo\u00e7\u00f5es: atividades e din\u00e2micas para ajudar adultos a ensinar crian\u00e7as a reconhecer e gerir emo\u00e7\u00f5es de forma pr\u00e1tica.","og_url":"https:\/\/emlacos.pt\/livro-as-emocoes-guia-pratico\/","og_site_name":"As Emo\u00e7\u00f5es (livro)","article_publisher":"https:\/\/www.facebook.com\/emlacos.pt","article_modified_time":"2026-04-20T07:49:11+00:00","og_image":[{"width":1200,"height":800,"url":"https:\/\/emlacos.pt\/livro-as-emocoes-guia-pratico\/wp-content\/uploads\/2026\/03\/livro-as-emocoes-guia-pratico-2.jpg","type":"image\/jpeg"}],"twitter_card":"summary_large_image","twitter_misc":{"Tempo estimado de leitura":"5 minutos"},"schema":{"@context":"https:\/\/schema.org","@graph":[{"@type":"WebPage","@id":"https:\/\/emlacos.pt\/livro-as-emocoes-guia-pratico\/","url":"https:\/\/emlacos.pt\/livro-as-emocoes-guia-pratico\/","name":"Livro As Emo\u00e7\u00f5es \u2013 Guia para pais, educadores e terapeutas","isPartOf":{"@id":"https:\/\/emlacos.pt\/livro-as-emocoes-guia-pratico\/#website"},"primaryImageOfPage":{"@id":"https:\/\/emlacos.pt\/livro-as-emocoes-guia-pratico\/#primaryimage"},"image":{"@id":"https:\/\/emlacos.pt\/livro-as-emocoes-guia-pratico\/#primaryimage"},"thumbnailUrl":"https:\/\/emlacos.pt\/livro-as-emocoes-guia-pratico\/wp-content\/uploads\/2026\/03\/livro-as-emocoes-guia-pratico-2.jpg","datePublished":"2026-03-11T13:05:06+00:00","dateModified":"2026-04-20T07:49:11+00:00","description":"Livro As Emo\u00e7\u00f5es: atividades e din\u00e2micas para ajudar adultos a ensinar crian\u00e7as a reconhecer e gerir emo\u00e7\u00f5es de forma pr\u00e1tica.","breadcrumb":{"@id":"https:\/\/emlacos.pt\/livro-as-emocoes-guia-pratico\/#breadcrumb"},"inLanguage":"pt-PT","potentialAction":[{"@type":"ReadAction","target":["https:\/\/emlacos.pt\/livro-as-emocoes-guia-pratico\/"]}]},{"@type":"ImageObject","inLanguage":"pt-PT","@id":"https:\/\/emlacos.pt\/livro-as-emocoes-guia-pratico\/#primaryimage","url":"https:\/\/emlacos.pt\/livro-as-emocoes-guia-pratico\/wp-content\/uploads\/2026\/03\/livro-as-emocoes-guia-pratico-2.jpg","contentUrl":"https:\/\/emlacos.pt\/livro-as-emocoes-guia-pratico\/wp-content\/uploads\/2026\/03\/livro-as-emocoes-guia-pratico-2.jpg","width":1200,"height":800},{"@type":"BreadcrumbList","@id":"https:\/\/emlacos.pt\/livro-as-emocoes-guia-pratico\/#breadcrumb","itemListElement":[{"@type":"ListItem","position":1,"name":"Home","item":"https:\/\/emlacos.pt\/livro-as-emocoes-guia-pratico\/"},{"@type":"ListItem","position":2,"name":"Livro As Emo\u00e7\u00f5es"}]},{"@type":"WebSite","@id":"https:\/\/emlacos.pt\/livro-as-emocoes-guia-pratico\/#website","url":"https:\/\/emlacos.pt\/livro-as-emocoes-guia-pratico\/","name":"Forma\u00e7\u00e3o Online - Anatomia dos Funcionamentos Psicol\u00f3gicos","description":"Em La\u00e7os","publisher":{"@id":"https:\/\/emlacos.pt\/livro-as-emocoes-guia-pratico\/#organization"},"potentialAction":[{"@type":"SearchAction","target":{"@type":"EntryPoint","urlTemplate":"https:\/\/emlacos.pt\/livro-as-emocoes-guia-pratico\/?s={search_term_string}"},"query-input":{"@type":"PropertyValueSpecification","valueRequired":true,"valueName":"search_term_string"}}],"inLanguage":"pt-PT"},{"@type":"Organization","@id":"https:\/\/emlacos.pt\/livro-as-emocoes-guia-pratico\/#organization","name":"Em La\u00e7os","url":"https:\/\/emlacos.pt\/livro-as-emocoes-guia-pratico\/","logo":{"@type":"ImageObject","inLanguage":"pt-PT","@id":"https:\/\/emlacos.pt\/livro-as-emocoes-guia-pratico\/#\/schema\/logo\/image\/","url":"https:\/\/emlacos.pt\/livro-as-emocoes-guia-pratico\/wp-content\/uploads\/2026\/02\/logo-em-lacos-1.png","contentUrl":"https:\/\/emlacos.pt\/livro-as-emocoes-guia-pratico\/wp-content\/uploads\/2026\/02\/logo-em-lacos-1.png","width":702,"height":135,"caption":"Em La\u00e7os"},"image":{"@id":"https:\/\/emlacos.pt\/livro-as-emocoes-guia-pratico\/#\/schema\/logo\/image\/"},"sameAs":["https:\/\/www.facebook.com\/emlacos.pt","https:\/\/www.instagram.com\/emlacos.pt","https:\/\/www.linkedin.com\/company\/em-laos-equipa-de-interveno-teraputica\/"]}]}},"_links":{"self":[{"href":"https:\/\/emlacos.pt\/livro-as-emocoes-guia-pratico\/wp-json\/wp\/v2\/pages\/430","targetHints":{"allow":["GET"]}}],"collection":[{"href":"https:\/\/emlacos.pt\/livro-as-emocoes-guia-pratico\/wp-json\/wp\/v2\/pages"}],"about":[{"href":"https:\/\/emlacos.pt\/livro-as-emocoes-guia-pratico\/wp-json\/wp\/v2\/types\/page"}],"author":[{"embeddable":true,"href":"https:\/\/emlacos.pt\/livro-as-emocoes-guia-pratico\/wp-json\/wp\/v2\/users\/1"}],"replies":[{"embeddable":true,"href":"https:\/\/emlacos.pt\/livro-as-emocoes-guia-pratico\/wp-json\/wp\/v2\/comments?post=430"}],"version-history":[{"count":167,"href":"https:\/\/emlacos.pt\/livro-as-emocoes-guia-pratico\/wp-json\/wp\/v2\/pages\/430\/revisions"}],"predecessor-version":[{"id":1122,"href":"https:\/\/emlacos.pt\/livro-as-emocoes-guia-pratico\/wp-json\/wp\/v2\/pages\/430\/revisions\/1122"}],"wp:featuredmedia":[{"embeddable":true,"href":"https:\/\/emlacos.pt\/livro-as-emocoes-guia-pratico\/wp-json\/wp\/v2\/media\/847"}],"wp:attachment":[{"href":"https:\/\/emlacos.pt\/livro-as-emocoes-guia-pratico\/wp-json\/wp\/v2\/media?parent=430"}],"curies":[{"name":"wp","href":"https:\/\/api.w.org\/{rel}","templated":true}]}}